{"id":386,"date":"2019-05-03T12:14:33","date_gmt":"2019-05-03T10:14:33","guid":{"rendered":"http:\/\/akks-no.staging.wordpress.idium.no\/stavanger\/?page_id=386"},"modified":"2024-09-11T15:32:02","modified_gmt":"2024-09-11T13:32:02","slug":"uflakks","status":"publish","type":"page","link":"https:\/\/akks.no\/stavanger\/uflakks-2\/uflakks\/","title":{"rendered":"UFLAKKS"},"content":{"rendered":"<p><strong>UFLAKKS er en konsertserie av og for ungdommer.<\/strong> I dag best\u00e5r gruppen av 20 medlemmer i alderen 14-18 \u00e5r, som aktivt leter etter ny, spennende musikk og arrangerer rusfrie konserter med fri, eller U18-aldersgrense.<\/p>\n<p>M\u00e5let med UFLAKKS er \u00e5 l\u00e6re ungdom hvordan man arrangerer konserter, \u00f8ke det profesjonelle konserttilbudet i Stavanger for ungdom, og l\u00f8fte fram og inspirere unge og lovende lokale band.<\/p>\n<p>Vil du ogs\u00e5 arrangere konserter? Eller \u00f8nsker du \u00e5 spille p\u00e5 UFLAKKS?<\/p>\n<p>Ta kontakt med oss p\u00e5 epost, <a href=\"mailto:stavanger@uflakks.no\" data-event-category=\"Henvendelser (mailto)\" data-event-action=\"Klikk p\u00e5 mailtolenker\" data-event-label=\"https:\/\/akks.no\/bergen\/konserter\/uflakks\">stavanger@uflakks.no<\/a>, og f\u00f8lg oss p\u00e5\u00a0<a href=\"https:\/\/www.facebook.com\/UFLAKKSStavanger\">Facebook, <\/a>\u00a0<a href=\"https:\/\/instagram.com\/uflakksstavanger\/\">Instagram<\/a> &amp; <span style=\"color: #000000;\"><a style=\"color: #000000;\" href=\"https:\/\/www.tiktok.com\/@uflakksstavanger\">Tiktok<\/a> <\/span>for oppdateringer.<\/p>\n<p><img loading=\"lazy\" class=\"alignnone size-large wp-image-356\" src=\"https:\/\/akks.no\/stavanger\/files\/2018\/12\/uflakks-sommerfest-1024x684.jpg\" alt=\"\" width=\"1024\" height=\"684\" srcset=\"https:\/\/akks.no\/stavanger\/files\/2018\/12\/uflakks-sommerfest-1024x684.jpg 1024w, https:\/\/akks.no\/stavanger\/files\/2018\/12\/uflakks-sommerfest-300x200.jpg 300w, https:\/\/akks.no\/stavanger\/files\/2018\/12\/uflakks-sommerfest-768x513.jpg 768w, https:\/\/akks.no\/stavanger\/files\/2018\/12\/uflakks-sommerfest-720x480.jpg 720w, https:\/\/akks.no\/stavanger\/files\/2018\/12\/uflakks-sommerfest-600x401.jpg 600w, https:\/\/akks.no\/stavanger\/files\/2018\/12\/uflakks-sommerfest.jpg 1600w\" sizes=\"(max-width: 1024px) 100vw, 1024px\" \/><\/p>\n<p>UFLAKKS ble dannet i Stavanger i 2016 (kopiert ev et flott initiativ fra v\u00e5r s\u00f8sterorganisasjon AKKS Bergen). Siden den gang, ser vi at prosjektet har fa\u030att fotfeste flere steder i landet. Antall ungdomsarrang\u00f8rer og kulturopplevelser for unge har \u00f8kt betraktelig, og viser hvor viktig det er a\u030a ta ungdom pa\u030a alvor. I tillegg ser vi ogs\u00e5 at tilgangen p\u00e5 profesjonelle musikkopplevelser gir \u00f8kt deltakelse av ungdom fra regionen til Norsk musikkbransje, b\u00e5de p\u00e5 ut\u00f8ver, konsertproduksjon og bransjesidene. I Stavanger har vi siden starten av UFLAKKS arrangert konserter for over 3000 ungdom (!!), to av v\u00e5re tidligere medlemmer har g\u00e5tt videre til \u00e5 starte egne booking- og managementselskap, og vi har et stadig p\u00e5fyll av ungdom som interesserer seg for \u00e5 l\u00e6re mer og v\u00e6re involvert.<\/p>\n<p>UFLAKKS er st\u00f8ttet av Kulturr\u00e5dets Arrang\u00f8rst\u00f8tte, Norske Konsertarrang\u00f8rers Frifondst\u00f8tte, og har i 2022 inng\u00e5tt en sponsoravtale med Det Stavangerske Dampskibsselskab. Vi takker for st\u00f8tten og kunne ikke gjort dette uten dere!<\/p>\n<p>Konsertene vi har arrangert siden 2016<\/p>\n<p><span style=\"font-weight: 400;\">2024<\/span><\/p>\n<ol>\n<li style=\"font-weight: 400;\" aria-level=\"1\"><span style=\"font-weight: 400;\">VALP m. Colours- Metropolis (01.02.24)\u00a0<\/span><\/li>\n<li style=\"font-weight: 400;\" aria-level=\"1\"><span style=\"font-weight: 400;\">Isje Din Bitsj!- en kvinnedagsmarkering med Hudkreft, N\u00f8dutgang, Deathman, Lilac River &amp; Peanus, Tou\u00a0 (09.03.24)<\/span><\/li>\n<li style=\"font-weight: 400;\" aria-level=\"1\"><span style=\"font-weight: 400;\">Deception, Lilac River, Wragh, Metropolis (04.04.24)\u00a0<\/span><\/li>\n<li style=\"font-weight: 400;\" aria-level=\"1\"><span style=\"font-weight: 400;\">Poor Bambi, Mannequin Leg, Metropolis (11.04.24)\u00a0<\/span><\/li>\n<li style=\"font-weight: 400;\" aria-level=\"1\"><span style=\"font-weight: 400;\">Maijazz x Dirty Loops, Stavanger Konserthus (03.05.24)\u00a0<\/span><\/li>\n<li style=\"font-weight: 400;\" aria-level=\"1\"><span style=\"font-weight: 400;\">Maijazz x Hans Petter Molv\u00e6r, Stavanger Konserthus (07.05.24)\u00a0<\/span><\/li>\n<li style=\"font-weight: 400;\" aria-level=\"1\"><span style=\"font-weight: 400;\">Maijazz x Angelique Kidjo, Stavanger Konserthus (08.05.24)\u00a0<\/span><\/li>\n<li style=\"font-weight: 400;\" aria-level=\"1\"><span style=\"font-weight: 400;\">UFLAKKS x Musikkfest: Arneageren + Metropolis (01.06.24)\u00a0\u00a0<\/span><\/li>\n<li aria-level=\"1\">UFLAKKS x Ungdomsfest p\u00e5 Skeiv\u00e5- med Colours: Tou (05.09.24)<\/li>\n<\/ol>\n<p>H\u00f8stens konserter slippes snart, f\u00f8lg med!<\/p>\n<p><strong>2023: <\/strong><\/p>\n<ol>\n<li>UFLAKKS x Kapteinen + support: Bastian! 18.02.23 (Folken)<\/li>\n<li>UFLAKKS x Beharie + support: Ellida Mathea 25.02.23 (Tou)<\/li>\n<li>UFLAKKS x Isje Din Bitsj! En kvinnedagsmarkering 08.03.23 (Tou)<\/li>\n<li>UFLAKKS x The Doomsday Party + support: Deponi 18.03.23 (Tou)<\/li>\n<li>UFLAKKS x Maijazz: Neon Ion- Natalie Sandtorv 09.05.23 (Folken)<\/li>\n<li>UFLAKKS x Musikkfest 03.06.23 Den Gule Scenen (Utekonsert) + UFLAKKS scenen (Metropolis)<\/li>\n<li>UFLAKKS x Poor Bambi, Eie &amp; Dobbeltgjenger 07.09.23 (Metropolis)<\/li>\n<li>UFLAKKS x Xplosif (Tyr, Tayka, Rambow &amp; Halima) 08.09.23 (Metropolis)<\/li>\n<li>UFLAKKS x UNGkultur- SL\u00d8TFACE + support: Deponi og WRAGH 28.09.23 (Metropolis)<\/li>\n<li>UFLAKKS x FLTY BRGR GRL + support: Mannequin Leg 06.10.23 (Folken)<\/li>\n<li>Norske Kulturarrang\u00f8rer: Arrang\u00f8rsamling for arrang\u00f8rspirer 20-21.10.23 (Metropolis)<\/li>\n<li>UFLAKKS x Pikekyss + support: The Overalls 27.10.23 (Folken)<\/li>\n<li>UFLAKKS x K\u00e5te Kl\u00f8r + support: Wragh &amp; Mannequin Leg 30.11.23 (Metropolis)<\/li>\n<\/ol>\n<p><strong>2022:\u00a0<\/strong><\/p>\n<ol>\n<li>UFLAKKS x Isje Din Bitsj! En kvinnedagsmarkering 06.03.22 (Tou) Veps, Flty Brgr Grl, Freya&amp;Helena, Mathea B<\/li>\n<li>UFLAKKS x T\u00d8FL + support: Joggedress (Folken) 17.03.22<\/li>\n<li>UFLAKKS x brenn. + support: Vettche\u00a0 (TOU) 21.04.22<\/li>\n<li>UFLAKKS x Dagny (Stavanger Konserthus) 29.04.22<\/li>\n<li>UFLAKKS + MaiJazz Stavanger x Klossmajor (Folken) 12.05.22<\/li>\n<li>UFLAKKS x Musikkfest Den Gule Scenen (Utekonsert) 28.05.22<\/li>\n<li>UFLAKKS x Capella Booking: Vettche + Bastian! + Phillip Marques (Folken)<\/li>\n<li>UFLAKKS x T\u00d8FL + support: Snill Kul Kjekk \u00e5 ver med 04.11.22 (Tou)<\/li>\n<li>UFLAKKS x KAMARA + support: Kristi 11.11.22 (Tou)<\/li>\n<li>UFLAKKS x DAUF\u00d8DT + support: Of All Things 02.12.22 (Tou)<\/li>\n<\/ol>\n<p><strong>2021:\u00a0<\/strong><\/p>\n<ol>\n<li style=\"font-weight: 400;\" aria-level=\"1\"><span style=\"font-weight: 400;\">UNG Arrang\u00f8r Kurs 1: festival fra A til \u00c5 med Ketil Hvindenbr\u00e5ten 07.02.21<\/span><\/li>\n<li style=\"font-weight: 400;\" aria-level=\"1\"><span style=\"font-weight: 400;\">UFLAKKS x Isje din Bisj: en kvinnedagsmarkering Tou 06.03.21<\/span><\/li>\n<li style=\"font-weight: 400;\" aria-level=\"1\"><span style=\"font-weight: 400;\">Ung Arrang\u00f8r kurs 2: mangfold og publikumsutvikling 21.03.21<\/span><\/li>\n<li style=\"font-weight: 400;\" aria-level=\"1\"><span style=\"font-weight: 400;\">UFLAKKS x Pom Poko + Poor Bambi (Folken) 25.03.21<\/span><\/li>\n<li style=\"font-weight: 400;\" aria-level=\"1\"><span style=\"font-weight: 400;\">UFLAKKS x Kapteinen (Folken) 23.04.21<\/span><\/li>\n<li style=\"font-weight: 400;\" aria-level=\"1\"><span style=\"font-weight: 400;\">UNG Arrang\u00f8r kurs 3: Markedsf\u00f8ring og PR 25.04.21<\/span><\/li>\n<li aria-level=\"1\">UFLAKKS + Stavanger Kammermusikkfestival x MYRA <span style=\"font-weight: 400;\">(Folken) <\/span>11.08.21<\/li>\n<li aria-level=\"1\">UFLAKKS x Sv\u00f8mmebasseng (TOU) 18.09.21<\/li>\n<li aria-level=\"1\">UFLAKKS + Kapittelfestivalen x Musti (TOU) 24.09.21<\/li>\n<li aria-level=\"1\">UFLAKKS x Hedda Mae (Folken) 06.11.21<\/li>\n<li aria-level=\"1\">UFLAKKS x Kjartan Lauritzen (Stavanger Konserthus) 12.11.21<\/li>\n<\/ol>\n<p><b>2020:<\/b><\/p>\n<ol>\n<li style=\"font-weight: 400;\" aria-level=\"1\"><span style=\"font-weight: 400;\">Bernhoft + Kristina Eilertsen\u00a0\u00a0<\/span><\/li>\n<li style=\"font-weight: 400;\" aria-level=\"1\"><span style=\"font-weight: 400;\">Gullbarbien m\/ Stavanger PRESS : <\/span>\u00a0Christina Flood, D\u00f8nn Seri\u00f8s Kunst, Kapteinen<\/li>\n<li style=\"font-weight: 400;\" aria-level=\"1\"><span style=\"font-weight: 400;\">Kvinnedagen 2020: <\/span>\u00a0Vera Ottesen, Kristina Eilertsen, Christina Flood, VALP<\/li>\n<li style=\"font-weight: 400;\" aria-level=\"1\"><span style=\"font-weight: 400;\">Isah : streaming konsert\u00a0<\/span><\/li>\n<li style=\"font-weight: 400;\" aria-level=\"1\"><span style=\"font-weight: 400;\">Sl\u00f8tface : Streaming Konsert\u00a0\u00a0<\/span><\/li>\n<li style=\"font-weight: 400;\" aria-level=\"1\"><span style=\"font-weight: 400;\">T\u00d8FL\u00a0\u00a0<\/span><\/li>\n<li style=\"font-weight: 400;\" aria-level=\"1\"><span style=\"font-weight: 400;\">UFLAKKS x St\u00f8y (fucales, Sundrowned, Kaizo Kids)<\/span><\/li>\n<li style=\"font-weight: 400;\" aria-level=\"1\"><span style=\"font-weight: 400;\">Sl\u00f8tface + Freya &amp; Helena\u00a0<\/span><\/li>\n<li style=\"font-weight: 400;\" aria-level=\"1\"><span style=\"font-weight: 400;\">Safario + Amdal\u00a0\u00a0<\/span><\/li>\n<li style=\"font-weight: 400;\" aria-level=\"1\"><span style=\"font-weight: 400;\">T\u00d8FL\u00a0<\/span><\/li>\n<\/ol>\n<p><b>2019:<\/b><\/p>\n<ol>\n<li style=\"font-weight: 400;\"><span style=\"font-weight: 400;\">Unge Ferrari + Adam Falk + ProllyNah\u00a0<\/span><\/li>\n<li style=\"font-weight: 400;\"><span style=\"font-weight: 400;\">Krafttak mot kreft: Rebekka B\u00f8\u00a0<\/span><\/li>\n<li style=\"font-weight: 400;\"><span style=\"font-weight: 400;\">Sv\u00f8mmebasseng<\/span><\/li>\n<li style=\"font-weight: 400;\"><span style=\"font-weight: 400;\">Innsamling for barnekreft:\u00a0<\/span><span style=\"font-weight: 400;\">Vicereine, Rune Eilertsen, Trygve the Band, Bjergsted Band<\/span><\/li>\n<li style=\"font-weight: 400;\"><span style=\"font-weight: 400;\">Izabell + P-Flow + J-Rulo +\u00a0<\/span><\/li>\n<li style=\"font-weight: 400;\"><span style=\"font-weight: 400;\">Honningbarna + Melancholy<\/span><\/li>\n<li style=\"font-weight: 400;\"><span style=\"font-weight: 400;\">Arif + Kapteinen<\/span><\/li>\n<li style=\"font-weight: 400;\"><span style=\"font-weight: 400;\">brenn.\u00a0<\/span><\/li>\n<li style=\"font-weight: 400;\"><span style=\"font-weight: 400;\">Skambankt + Camilla Rosenlund<\/span><\/li>\n<\/ol>\n<p><strong>2018:<\/strong><\/p>\n<ol>\n<li style=\"font-weight: 400;\"><span style=\"font-weight: 400;\">Sl\u00f8tface + Sauropod<\/span><\/li>\n<li style=\"font-weight: 400;\"><span style=\"font-weight: 400;\">Kvelertak<\/span><\/li>\n<li style=\"font-weight: 400;\"><span style=\"font-weight: 400;\">T\u00d8FL + Funk Hunk\u00a0<\/span><\/li>\n<li style=\"font-weight: 400;\"><span style=\"font-weight: 400;\">UFLAKKS sommerfest 2018<\/span><span style=\"font-weight: 400;\"><br \/>\n<\/span><span style=\"font-weight: 400;\">&#8211; Emilie \u00d8steb\u00f8<\/span><span style=\"font-weight: 400;\"><br \/>\n<\/span><span style=\"font-weight: 400;\">&#8211; Jimi Somewhere<\/span><span style=\"font-weight: 400;\"><br \/>\n<\/span><span style=\"font-weight: 400;\">&#8211; Lucid Dreaming<\/span><span style=\"font-weight: 400;\"><br \/>\n<\/span><span style=\"font-weight: 400;\">&#8211; girl in red<\/span><\/li>\n<li style=\"font-weight: 400;\"><span style=\"font-weight: 400;\">D\u00e5rlig Vane<\/span><\/li>\n<li style=\"font-weight: 400;\"><span style=\"font-weight: 400;\">Tungh\u00f8rt 2018: Svalbard, Sassy Kraimspri, Psyko Blasfemi\u00a0<\/span><\/li>\n<li style=\"font-weight: 400;\"><span style=\"font-weight: 400;\">Wonder The Boy + Icy Arn<\/span><\/li>\n<li style=\"font-weight: 400;\"><span style=\"font-weight: 400;\">dePresno + Eline Over\u00e5\u00a0<\/span><\/li>\n<li style=\"font-weight: 400;\"><span style=\"font-weight: 400;\">T\u00d8FL + Rebekka B\u00f8\u00a0<\/span><\/li>\n<\/ol>\n<p><strong>2017:<\/strong><\/p>\n<ol>\n<li style=\"font-weight: 400;\"><span style=\"font-weight: 400;\">Cezinando + Atlanti$\u00a0<\/span><\/li>\n<li style=\"font-weight: 400;\"><span style=\"font-weight: 400;\">Luli + Juliane Nordb\u00f8<\/span><\/li>\n<li style=\"font-weight: 400;\"><span style=\"font-weight: 400;\">Hvitmalt Gjerde + Pur Pur\u00e9<\/span><\/li>\n<li style=\"font-weight: 400;\"><span style=\"font-weight: 400;\">UFLAKKS Sommerfest 2017\u00a0<\/span><span style=\"font-weight: 400;\"><br \/>\n<\/span><span style=\"font-weight: 400;\">&#8211; Ida Lunde<\/span><span style=\"font-weight: 400;\"><br \/>\n<\/span><span style=\"font-weight: 400;\">&#8211; Faith Friendly<\/span><span style=\"font-weight: 400;\"><br \/>\n<\/span><span style=\"font-weight: 400;\">&#8211; T\u00d8FL<\/span><span style=\"font-weight: 400;\"><br \/>\n<\/span><span style=\"font-weight: 400;\">&#8211; Machu Picchu<\/span><\/li>\n<li style=\"font-weight: 400;\"><span style=\"font-weight: 400;\">Drain Gang + Fortinbras\u00a0<\/span><\/li>\n<li style=\"font-weight: 400;\"><span style=\"font-weight: 400;\">Cezinando<\/span><\/li>\n<\/ol>\n<p><strong>2016:\u00a0<\/strong><\/p>\n<ol>\n<li><span style=\"font-weight: 400;\">AKKS 20 \u00e5r<\/span><span style=\"font-weight: 400;\"><br \/>\n<\/span><span style=\"font-weight: 400;\">&#8211; Byberg&amp;Bugge<\/span><span style=\"font-weight: 400;\"><br \/>\n<\/span><span style=\"font-weight: 400;\">&#8211; Sassy Kraimspri<\/span><span style=\"font-weight: 400;\"><br \/>\n<\/span><span style=\"font-weight: 400;\">&#8211; I am K<\/span><span style=\"font-weight: 400;\"><br \/>\n<\/span><span style=\"font-weight: 400;\">&#8211; KUUK<\/span><\/li>\n<\/ol>\n<p>&nbsp;<\/p>\n<p><img loading=\"lazy\" class=\"alignnone wp-image-1247\" src=\"http:\/\/akks.no\/stavanger\/files\/2022\/02\/dsd-logo_sort_rgb-300x66.png\" alt=\"\" width=\"205\" height=\"45\" srcset=\"https:\/\/akks.no\/stavanger\/files\/2022\/02\/dsd-logo_sort_rgb-300x66.png 300w, https:\/\/akks.no\/stavanger\/files\/2022\/02\/dsd-logo_sort_rgb-1024x225.png 1024w, https:\/\/akks.no\/stavanger\/files\/2022\/02\/dsd-logo_sort_rgb-768x169.png 768w, https:\/\/akks.no\/stavanger\/files\/2022\/02\/dsd-logo_sort_rgb-600x132.png 600w, https:\/\/akks.no\/stavanger\/files\/2022\/02\/dsd-logo_sort_rgb.png 1505w\" sizes=\"(max-width: 205px) 100vw, 205px\" \/><img loading=\"lazy\" class=\"alignnone size-medium wp-image-1484\" src=\"http:\/\/akks.no\/stavanger\/files\/2024\/01\/Sparebankstiftelsen-300x85.jpeg\" alt=\"\" width=\"300\" height=\"85\" srcset=\"https:\/\/akks.no\/stavanger\/files\/2024\/01\/Sparebankstiftelsen-300x85.jpeg 300w, https:\/\/akks.no\/stavanger\/files\/2024\/01\/Sparebankstiftelsen-1024x291.jpeg 1024w, https:\/\/akks.no\/stavanger\/files\/2024\/01\/Sparebankstiftelsen-768x218.jpeg 768w, https:\/\/akks.no\/stavanger\/files\/2024\/01\/Sparebankstiftelsen-600x171.jpeg 600w, https:\/\/akks.no\/stavanger\/files\/2024\/01\/Sparebankstiftelsen.jpeg 1080w\" sizes=\"(max-width: 300px) 100vw, 300px\" \/><\/p>\n<p><img loading=\"lazy\" class=\"alignnone wp-image-1480\" src=\"http:\/\/akks.no\/stavanger\/files\/2024\/01\/Bergesensstiftelsen-logo.png\" alt=\"\" width=\"64\" height=\"88\" \/><img loading=\"lazy\" class=\"alignnone wp-image-1483\" src=\"http:\/\/akks.no\/stavanger\/files\/2024\/01\/avinor-logo-300x157.png\" alt=\"\" width=\"145\" height=\"76\" srcset=\"https:\/\/akks.no\/stavanger\/files\/2024\/01\/avinor-logo-300x157.png 300w, https:\/\/akks.no\/stavanger\/files\/2024\/01\/avinor-logo-1200x640.png 1200w, https:\/\/akks.no\/stavanger\/files\/2024\/01\/avinor-logo-600x314.png 600w, https:\/\/akks.no\/stavanger\/files\/2024\/01\/avinor-logo.png 700w\" sizes=\"(max-width: 145px) 100vw, 145px\" \/><img loading=\"lazy\" class=\"alignnone wp-image-1246\" src=\"http:\/\/akks.no\/stavanger\/files\/2022\/02\/Logo-Kulturra\u030adet-300x115.png\" alt=\"\" width=\"227\" height=\"87\" srcset=\"https:\/\/akks.no\/stavanger\/files\/2022\/02\/Logo-Kulturra\u030adet-300x115.png 300w, https:\/\/akks.no\/stavanger\/files\/2022\/02\/Logo-Kulturra\u030adet-768x294.png 768w, https:\/\/akks.no\/stavanger\/files\/2022\/02\/Logo-Kulturra\u030adet-600x229.png 600w, https:\/\/akks.no\/stavanger\/files\/2022\/02\/Logo-Kulturra\u030adet.png 900w\" sizes=\"(max-width: 227px) 100vw, 227px\" \/><\/p>\n<p><img loading=\"lazy\" class=\"alignnone wp-image-1482\" src=\"http:\/\/akks.no\/stavanger\/files\/2024\/01\/Mai-jazz-logo-300x74.png\" alt=\"\" width=\"162\" height=\"40\" srcset=\"https:\/\/akks.no\/stavanger\/files\/2024\/01\/Mai-jazz-logo-300x74.png 300w, https:\/\/akks.no\/stavanger\/files\/2024\/01\/Mai-jazz-logo.png 453w\" sizes=\"(max-width: 162px) 100vw, 162px\" \/><img loading=\"lazy\" class=\"alignnone wp-image-1481\" src=\"http:\/\/akks.no\/stavanger\/files\/2024\/01\/logo_nka_2022-300x75.png\" alt=\"\" width=\"240\" height=\"60\" srcset=\"https:\/\/akks.no\/stavanger\/files\/2024\/01\/logo_nka_2022-300x75.png 300w, https:\/\/akks.no\/stavanger\/files\/2024\/01\/logo_nka_2022.png 384w\" sizes=\"(max-width: 240px) 100vw, 240px\" \/><\/p>\n","protected":false},"excerpt":{"rendered":"<p>UFLAKKS er en konsertserie av og for ungdommer. I dag best\u00e5r gruppen av 20 medlemmer i alderen 14-18 \u00e5r, som aktivt leter etter ny, spennende musikk og arrangerer rusfrie konserter med fri, eller U18-aldersgrense. M\u00e5let med UFLAKKS er \u00e5 l\u00e6re ungdom hvordan man arrangerer konserter, \u00f8ke det profesjonelle konserttilbudet i Stavanger for ungdom, og l\u00f8fte [&hellip;]<\/p>\n","protected":false},"author":10,"featured_media":387,"parent":958,"menu_order":24,"comment_status":"closed","ping_status":"closed","template":"","meta":[],"_links":{"self":[{"href":"https:\/\/akks.no\/stavanger\/wp-json\/wp\/v2\/pages\/386"}],"collection":[{"href":"https:\/\/akks.no\/stavanger\/wp-json\/wp\/v2\/pages"}],"about":[{"href":"https:\/\/akks.no\/stavanger\/wp-json\/wp\/v2\/types\/page"}],"author":[{"embeddable":true,"href":"https:\/\/akks.no\/stavanger\/wp-json\/wp\/v2\/users\/10"}],"replies":[{"embeddable":true,"href":"https:\/\/akks.no\/stavanger\/wp-json\/wp\/v2\/comments?post=386"}],"version-history":[{"count":24,"href":"https:\/\/akks.no\/stavanger\/wp-json\/wp\/v2\/pages\/386\/revisions"}],"predecessor-version":[{"id":1732,"href":"https:\/\/akks.no\/stavanger\/wp-json\/wp\/v2\/pages\/386\/revisions\/1732"}],"up":[{"embeddable":true,"href":"https:\/\/akks.no\/stavanger\/wp-json\/wp\/v2\/pages\/958"}],"wp:featuredmedia":[{"embeddable":true,"href":"https:\/\/akks.no\/stavanger\/wp-json\/wp\/v2\/media\/387"}],"wp:attachment":[{"href":"https:\/\/akks.no\/stavanger\/wp-json\/wp\/v2\/media?parent=386"}],"curies":[{"name":"wp","href":"https:\/\/api.w.org\/{rel}","templated":true}]}}