{"id":3817,"date":"2021-12-09T13:34:28","date_gmt":"2021-12-09T12:34:28","guid":{"rendered":"http:\/\/akks.no\/bergen\/?page_id=3817"},"modified":"2026-02-05T15:06:14","modified_gmt":"2026-02-05T14:06:14","slug":"musikkproduksjon-kurs","status":"publish","type":"page","link":"https:\/\/akks.no\/bergen\/musikkproduksjon-kurs\/","title":{"rendered":"Musikkproduksjonskurs"},"content":{"rendered":"<p style=\"text-align: right;\"><i><span style=\"font-weight: 400;\">Fra \u00c5pen Scene v\u00e5ren 2023. Fotograf: Ingvild H\u00e6gh<\/span><\/i><\/p>\n<p><b>Har du alltid \u00f8nsket \u00e5 produsere egen musikk? Da er dette kurset perfekt for deg!<\/b><\/p>\n<p><i>Oppstart tirsdag uke 16<\/i><br \/>\n<em>Kursdatoer: <span data-sheets-root=\"1\">14.04, 21.04, 28.04, 05.05, 12.05, 19.05<\/span><\/em><br \/>\n<i>M\u00e5lgruppe: fra 12 \u00e5r og oppover \u2013 ingen \u00f8vre aldersgrense<\/i><br \/>\n<i>Instrukt\u00f8r: Trygve Tronstad<\/i><br \/>\n<i>Sted: USF Verftet<\/i><\/p>\n<h5 style=\"text-align: center;\"><a href=\"https:\/\/event.checkin.no\/217782\/musikkproduksjon-kursrunde-2-var-2026\"><img loading=\"lazy\" class=\"wp-image-6029 aligncenter\" src=\"http:\/\/akks.no\/bergen\/files\/2023\/05\/Pamelding-e1683807463933-1024x264.png\" alt=\"\" width=\"434\" height=\"112\" srcset=\"https:\/\/akks.no\/bergen\/files\/2023\/05\/Pamelding-e1683807463933-1024x264.png 1024w, https:\/\/akks.no\/bergen\/files\/2023\/05\/Pamelding-e1683807463933-300x77.png 300w, https:\/\/akks.no\/bergen\/files\/2023\/05\/Pamelding-e1683807463933-768x198.png 768w, https:\/\/akks.no\/bergen\/files\/2023\/05\/Pamelding-e1683807463933-1536x395.png 1536w, https:\/\/akks.no\/bergen\/files\/2023\/05\/Pamelding-e1683807463933-2048x527.png 2048w, https:\/\/akks.no\/bergen\/files\/2023\/05\/Pamelding-e1683807463933-600x154.png 600w\" sizes=\"(max-width: 434px) 100vw, 434px\" \/><\/a><\/h5>\n<hr \/>\n<h2><img loading=\"lazy\" class=\"alignnone size-large wp-image-6888\" src=\"http:\/\/akks.no\/bergen\/files\/2019\/05\/GAIN_JK-1004285-1024x683.jpg\" alt=\"\" width=\"1024\" height=\"683\" srcset=\"https:\/\/akks.no\/bergen\/files\/2019\/05\/GAIN_JK-1004285-1024x683.jpg 1024w, https:\/\/akks.no\/bergen\/files\/2019\/05\/GAIN_JK-1004285-300x200.jpg 300w, https:\/\/akks.no\/bergen\/files\/2019\/05\/GAIN_JK-1004285-768x512.jpg 768w, https:\/\/akks.no\/bergen\/files\/2019\/05\/GAIN_JK-1004285-1536x1025.jpg 1536w, https:\/\/akks.no\/bergen\/files\/2019\/05\/GAIN_JK-1004285-2048x1366.jpg 2048w, https:\/\/akks.no\/bergen\/files\/2019\/05\/GAIN_JK-1004285-720x480.jpg 720w, https:\/\/akks.no\/bergen\/files\/2019\/05\/GAIN_JK-1004285-600x400.jpg 600w\" sizes=\"(max-width: 1024px) 100vw, 1024px\" \/><\/h2>\n<p><i><span style=\"font-weight: 400;\">Fra GAIN, i Vestavind Studio h\u00f8st 2023. Fotograf: Johanne Karlsrud<\/span><\/i><\/p>\n<hr \/>\n<h2><span style=\"font-weight: 400;\">Praktisk<\/span><\/h2>\n<ul>\n<li style=\"font-weight: 400;\" aria-level=\"1\"><span style=\"font-weight: 400;\">P\u00e5meldingen er bindende (les mer under vilk\u00e5r)<\/span><\/li>\n<li style=\"font-weight: 400;\" aria-level=\"1\"><span style=\"font-weight: 400;\">Vi har 3 kurs pr. kursrunde kl. 16:30-17:45, kl. 18:00-19:15 og kl. 19:30-20:45<\/span><\/li>\n<li style=\"font-weight: 400;\" aria-level=\"1\"><span style=\"font-weight: 400;\">Kurset g\u00e5r over 6 ganger. Hvert kurs varer 1 time og 15 min. inkl. pause.<\/span><\/li>\n<li style=\"font-weight: 400;\" aria-level=\"1\"><span style=\"font-weight: 400;\">Kurset holdes p\u00e5 <\/span><a href=\"https:\/\/g.page\/usfverftet?share\"><span style=\"font-weight: 400;\">USF Verftet<\/span><\/a><span style=\"font-weight: 400;\">, 4. etasje.<\/span><\/li>\n<li style=\"font-weight: 400;\" aria-level=\"1\"><span style=\"font-weight: 400;\">Undervisningen foreg\u00e5r i grupper p\u00e5 maks 5 deltakere.<\/span><\/li>\n<li style=\"font-weight: 400;\" aria-level=\"1\"><span style=\"font-weight: 400;\">Inkludert i kursprisen er et kompendium med praktisk info om musikkproduksjon.<\/span><\/li>\n<\/ul>\n<hr \/>\n<h2><span style=\"font-weight: 400;\">Kursets innhold<\/span><\/h2>\n<p><span style=\"font-weight: 400;\">P\u00e5 v\u00e5rt musikkproduksjonskurs for nybegynnere f\u00e5r deltakeren en praktisk innf\u00f8ring i hvordan produsere egne l\u00e5ter i lydproduksjonsprogrammer som Ableton Live. Dette kurset passer for de som er helt ferske i Ableton Live, Protools eller tilsvarende musikkprogramvare. Deltakeren vil f\u00e5 en innf\u00f8ring i lyddesign, l\u00e5toppbyggingsprosesser og sammensetning av melodi.<\/span><\/p>\n<p><span style=\"font-weight: 400;\">Musikkproduksjon for viderekomne er for deltakere som allerede har laget ferdig en sang eller to i Ableton Live, Protools eller tilsvarende musikkprogramvare. Her jobber deltakeren med \u00e5 finne sitt eget personlige uttrykk, dele tips og erfaringer. Sammen med de andre deltakerne vil dere bli utfordret kreativt og l\u00e6re av hverandre.\u00a0<\/span><\/p>\n<p><span style=\"font-weight: 400;\">\u00a0M\u00e5let for alle musikkproduksjonskursene er \u00e5 ferdigstille en l\u00e5t innen kursslutt.<\/span><\/p>\n<p><i><span style=\"font-weight: 400;\">Alle AKKS sine kurs har fokus p\u00e5 mestringsf\u00f8lelse og spilleglede, og undervisningen foreg\u00e5r i et trygt milj\u00f8 i grupper p\u00e5 tre deltakere. For \u00e5 f\u00e5 mest mulig utbytte av kurset anbefaler vi at man \u00f8ver mellom kursdagene.<\/span><\/i><\/p>\n<hr \/>\n<h2><img loading=\"lazy\" class=\"alignnone size-large wp-image-6884\" src=\"http:\/\/akks.no\/bergen\/files\/2019\/05\/GAIN_Foto_Johanne_Karlsrud-1004198-1024x683.jpg\" alt=\"\" width=\"1024\" height=\"683\" srcset=\"https:\/\/akks.no\/bergen\/files\/2019\/05\/GAIN_Foto_Johanne_Karlsrud-1004198-1024x683.jpg 1024w, https:\/\/akks.no\/bergen\/files\/2019\/05\/GAIN_Foto_Johanne_Karlsrud-1004198-300x200.jpg 300w, https:\/\/akks.no\/bergen\/files\/2019\/05\/GAIN_Foto_Johanne_Karlsrud-1004198-768x513.jpg 768w, https:\/\/akks.no\/bergen\/files\/2019\/05\/GAIN_Foto_Johanne_Karlsrud-1004198-1536x1025.jpg 1536w, https:\/\/akks.no\/bergen\/files\/2019\/05\/GAIN_Foto_Johanne_Karlsrud-1004198-2048x1367.jpg 2048w, https:\/\/akks.no\/bergen\/files\/2019\/05\/GAIN_Foto_Johanne_Karlsrud-1004198-720x480.jpg 720w, https:\/\/akks.no\/bergen\/files\/2019\/05\/GAIN_Foto_Johanne_Karlsrud-1004198-600x400.jpg 600w\" sizes=\"(max-width: 1024px) 100vw, 1024px\" \/><\/h2>\n<p><i><span style=\"font-weight: 400;\">Fra GAIN bes\u00f8k hos Julie Silset h\u00f8st 2023. Fotograf: Johanne Karlsrud<\/span><\/i><\/p>\n<hr \/>\n<h2><strong>Instrukt\u00f8r p\u00e5 kurs i musikkproduksjon: Trygve Tronstad<\/strong><\/h2>\n<p><img loading=\"lazy\" class=\"alignnone size-large wp-image-8299\" src=\"http:\/\/akks.no\/bergen\/files\/2025\/08\/5-1024x724.png\" alt=\"\" width=\"1024\" height=\"724\" srcset=\"https:\/\/akks.no\/bergen\/files\/2025\/08\/5-1024x724.png 1024w, https:\/\/akks.no\/bergen\/files\/2025\/08\/5-300x212.png 300w, https:\/\/akks.no\/bergen\/files\/2025\/08\/5-768x543.png 768w, https:\/\/akks.no\/bergen\/files\/2025\/08\/5-1536x1086.png 1536w, https:\/\/akks.no\/bergen\/files\/2025\/08\/5-2048x1448.png 2048w, https:\/\/akks.no\/bergen\/files\/2025\/08\/5-600x424.png 600w\" sizes=\"(max-width: 1024px) 100vw, 1024px\" \/><\/p>\n<p><span style=\"font-weight: 400;\">Trygve Tronstad er en produsent, l\u00e5tskriver og musiker som i dag jobber i Lydriket Studio. Han er ogs\u00e5 snart ferdig med en bachelorgrad i ut\u00f8vende jazzmusikk ved Griegakademiet i Bergen. Som produsent har Trygve jobbet med bl.a artisten D\u00f8ssi, og bidratt til \u00e5 skrive og produsere hennes f\u00f8rste album. Han produserer ogs\u00e5 all musikken for sitt soloprosjekt Fonella. <\/span><\/p>\n<hr \/>\n<h2><strong>Gratis \u00f8ving i v\u00e5re \u00f8vingslokaler i kursperioden<\/strong><\/h2>\n<p><span style=\"font-weight: 400;\">Mellom kursdagene tilbyr vi gratis egen\u00f8ving 2 timer pr. dag i v\u00e5re \u00f8vingslokaler mandag-fredag kl. 08:00-17:00 og l\u00f8rdag-s\u00f8ndag kl. 11:00-23:00. Lokalene kan bookes her.\u00a0<\/span><\/p>\n<p><span style=\"font-weight: 400;\">OBS! Om deltakeren er under 18 \u00e5r kan en foresatt booke lokalet for deltakeren.<\/span><\/p>\n<hr \/>\n<h2><img loading=\"lazy\" class=\"alignnone size-large wp-image-7772\" src=\"http:\/\/akks.no\/bergen\/files\/2022\/11\/3X3A0461-1024x683.jpg\" alt=\"\" width=\"1024\" height=\"683\" srcset=\"https:\/\/akks.no\/bergen\/files\/2022\/11\/3X3A0461-1024x683.jpg 1024w, https:\/\/akks.no\/bergen\/files\/2022\/11\/3X3A0461-300x200.jpg 300w, https:\/\/akks.no\/bergen\/files\/2022\/11\/3X3A0461-768x512.jpg 768w, https:\/\/akks.no\/bergen\/files\/2022\/11\/3X3A0461-1536x1024.jpg 1536w, https:\/\/akks.no\/bergen\/files\/2022\/11\/3X3A0461-2048x1365.jpg 2048w, https:\/\/akks.no\/bergen\/files\/2022\/11\/3X3A0461-720x480.jpg 720w, https:\/\/akks.no\/bergen\/files\/2022\/11\/3X3A0461-600x400.jpg 600w\" sizes=\"(max-width: 1024px) 100vw, 1024px\" \/><\/h2>\n<p><i><span style=\"font-weight: 400;\">Fra GAIN, i Vestavind Studio h\u00f8st 2024. Fotograf: Ingvild H\u00e6gh<\/span><\/i><\/p>\n<hr \/>\n<h2><strong>AKKS-kurs for oss med funksjonsnedsettelser<\/strong><\/h2>\n<p><span style=\"font-weight: 400;\">Har du behov for \u00e5 ha med assistent eller ledsager p\u00e5 kurs, opplys om dette i p\u00e5meldingsskjemaet s\u00e5 kan vi tilrettelegge for dette. Om ledsager \/ assistent skal delta p\u00e5 kurset m\u00e5 de sende inn egen p\u00e5melding for dette. V\u00e5re kurslokaler er dessverre ikke tilpasset rullestolbrukere. Ta gjerne kontakt s\u00e5 kan vi se p\u00e5 hvordan vi kan tilrettelegge for at du kan delta.<\/span><\/p>\n<hr \/>\n<h2><strong>Vilk\u00e5r<\/strong><\/h2>\n<p><span style=\"font-weight: 400;\">P\u00e5meldingen er bindende. Vi har begrenset med plasser p\u00e5 hvert kurs, og vi har derfor ingen avmeldingsfrist p\u00e5 v\u00e5re kurs.<\/span><\/p>\n<p><span style=\"font-weight: 400;\">Ved innsendt p\u00e5melding er man bundet til \u00e5 betale kursavgiften. Det vil si at kursavgift m\u00e5 betales selv om kursdeltakeren ikke m\u00f8ter opp til kurset eller slutter p\u00e5 kurset. Les v\u00e5re <\/span><a href=\"http:\/\/akks.no\/bergen\/files\/2022\/11\/Vilkar-for-kurspamelding-AKKS-Bergen-2023.pdf\"><span style=\"font-weight: 400;\">p\u00e5meldingsbetingelser<\/span><\/a><span style=\"font-weight: 400;\"> og v\u00e5r <\/span><a href=\"https:\/\/akks.no\/personvernerklaering\/\"><span style=\"font-weight: 400;\">personvernerkl\u00e6ring<\/span><\/a><span style=\"font-weight: 400;\">.<\/span><\/p>\n<hr \/>\n<h2><img loading=\"lazy\" class=\"alignnone size-large wp-image-7242\" src=\"http:\/\/akks.no\/bergen\/files\/2024\/05\/3X3A7338-1024x683.jpg\" alt=\"\" width=\"1024\" height=\"683\" srcset=\"https:\/\/akks.no\/bergen\/files\/2024\/05\/3X3A7338-1024x683.jpg 1024w, https:\/\/akks.no\/bergen\/files\/2024\/05\/3X3A7338-300x200.jpg 300w, https:\/\/akks.no\/bergen\/files\/2024\/05\/3X3A7338-768x512.jpg 768w, https:\/\/akks.no\/bergen\/files\/2024\/05\/3X3A7338-1536x1024.jpg 1536w, https:\/\/akks.no\/bergen\/files\/2024\/05\/3X3A7338-2048x1365.jpg 2048w, https:\/\/akks.no\/bergen\/files\/2024\/05\/3X3A7338-720x480.jpg 720w, https:\/\/akks.no\/bergen\/files\/2024\/05\/3X3A7338-600x400.jpg 600w\" sizes=\"(max-width: 1024px) 100vw, 1024px\" \/><\/h2>\n<p><i><span style=\"font-weight: 400;\">Fra GAIN, i Vestavind Studio v\u00e5r 2024. Fotograf: Ingvild H\u00e6gh<\/span><\/i><\/p>\n<hr \/>\n<h2><strong>Musikkaktivitet for alle<\/strong><\/h2>\n<p><span style=\"font-weight: 400;\">AKKS Bergen \u00f8nsker ikke at \u00f8konomi skal st\u00e5 i veien for deltakelse p\u00e5 v\u00e5re kurs. Vi har derfor et begrenset antall plasser der man kan f\u00e5 gratis eller redusert pris i kursavgiften om man er AKKS medlem, under 26 \u00e5r og der familien har begrenset \u00f8konomi. For \u00e5 benytte deg av tilbudet m\u00e5 du ta kontakt med oss p\u00e5 kontoret@bergen.akks.no.\u00a0<\/span><\/p>\n<p>Skriver du med \u00f8nske om gratisplasser f\u00e5r du tilsendt link til den gratis p\u00e5meldingssiden.<\/p>\n<p><a href=\"https:\/\/akks.hypersys.no\/page\/blimedlem\/signup?type=87\">Bli medlem her<\/a>.<\/p>\n<p><span style=\"font-weight: 400;\">Benytter man seg av en av v\u00e5re gratisplasser er det gratis \u00e5 l\u00e5ne instrument.<\/span><\/p>\n<hr \/>\n<h2><img loading=\"lazy\" class=\"alignnone size-full wp-image-4017\" src=\"http:\/\/akks.no\/bergen\/files\/2022\/01\/14.png\" alt=\"\" width=\"1024\" height=\"546\" srcset=\"https:\/\/akks.no\/bergen\/files\/2022\/01\/14.png 1024w, https:\/\/akks.no\/bergen\/files\/2022\/01\/14-300x160.png 300w, https:\/\/akks.no\/bergen\/files\/2022\/01\/14-768x410.png 768w, https:\/\/akks.no\/bergen\/files\/2022\/01\/14-1200x640.png 1200w, https:\/\/akks.no\/bergen\/files\/2022\/01\/14-600x320.png 600w\" sizes=\"(max-width: 1024px) 100vw, 1024px\" \/><\/h2>\n<hr \/>\n<h2><strong>Betaling<\/strong><\/h2>\n<p><span style=\"font-weight: 400;\">En kan betale med faktura, vipps eller bankkort. Faktura vil bli sendt ut f\u00f8rste kursdag om man velger dette.<\/span><\/p>\n<p><span style=\"font-weight: 400;\">Dersom man velger kursavgift for AKKS-medlemmer og ikke er AKKS-medlem vil man bli etterfakturert medlemskontingenten p\u00e5 kr 50. Om ikke denne betales vil man kunne bli etterfakturert for kurset til ikke-medlemspris.<\/span><\/p>\n<hr \/>\n<p><strong>Er du usikker p\u00e5 niv\u00e5et ditt eller har andre sp\u00f8rsm\u00e5l?<\/strong><br \/>\n<span style=\"font-weight: 400;\">Ta gjerne kontakt med oss p\u00e5 kontoret@bergen.akks.no.<\/span><\/p>\n","protected":false},"excerpt":{"rendered":"<p>Fra \u00c5pen Scene v\u00e5ren 2023. Fotograf: Ingvild H\u00e6gh Har du alltid \u00f8nsket \u00e5 produsere egen musikk? Da er dette kurset perfekt for deg! Oppstart tirsdag uke 16 Kursdatoer: 14.04, 21.04, 28.04, 05.05, 12.05, 19.05 M\u00e5lgruppe: fra 12 \u00e5r og oppover \u2013 ingen \u00f8vre aldersgrense Instrukt\u00f8r: Trygve Tronstad Sted: USF Verftet Fra GAIN, i Vestavind Studio [&hellip;]<\/p>\n","protected":false},"author":5,"featured_media":6882,"parent":0,"menu_order":0,"comment_status":"closed","ping_status":"closed","template":"","meta":[],"_links":{"self":[{"href":"https:\/\/akks.no\/bergen\/wp-json\/wp\/v2\/pages\/3817"}],"collection":[{"href":"https:\/\/akks.no\/bergen\/wp-json\/wp\/v2\/pages"}],"about":[{"href":"https:\/\/akks.no\/bergen\/wp-json\/wp\/v2\/types\/page"}],"author":[{"embeddable":true,"href":"https:\/\/akks.no\/bergen\/wp-json\/wp\/v2\/users\/5"}],"replies":[{"embeddable":true,"href":"https:\/\/akks.no\/bergen\/wp-json\/wp\/v2\/comments?post=3817"}],"version-history":[{"count":28,"href":"https:\/\/akks.no\/bergen\/wp-json\/wp\/v2\/pages\/3817\/revisions"}],"predecessor-version":[{"id":8635,"href":"https:\/\/akks.no\/bergen\/wp-json\/wp\/v2\/pages\/3817\/revisions\/8635"}],"wp:featuredmedia":[{"embeddable":true,"href":"https:\/\/akks.no\/bergen\/wp-json\/wp\/v2\/media\/6882"}],"wp:attachment":[{"href":"https:\/\/akks.no\/bergen\/wp-json\/wp\/v2\/media?parent=3817"}],"curies":[{"name":"wp","href":"https:\/\/api.w.org\/{rel}","templated":true}]}}